{"id":13506,"date":"2020-11-06T00:42:55","date_gmt":"2020-11-06T06:42:55","guid":{"rendered":"https:\/\/aprendoencasa2.mineduc.gob.gt\/?page_id=13506"},"modified":"2020-11-16T18:46:57","modified_gmt":"2020-11-17T00:46:57","slug":"educacion-inicial","status":"publish","type":"page","link":"https:\/\/aprendoencasayenclase.mineduc.gob.gt\/index.php\/educacion-inicial\/","title":{"rendered":"Educaci\u00f3n inicial"},"content":{"rendered":"[vc_row equal_height=&#8221;yes&#8221; content_placement=&#8221;middle&#8221;][vc_column width=&#8221;2\/3&#8243;]<div class=\"dt-sc-title with-image alignleft\"><h3>En<strong style=\"color:#1e73be\">espa\u00f1ol<\/strong><\/h3><span><\/span><h6><\/h6><\/div><div id=\"1604641594723-1dde5163-8849\" class=\"dt-sc-empty-space\"><\/div>[vc_column_text]El\u00a0 Nivel de Educaci\u00f3n Inicial\u00a0 comienza desde la concepci\u00f3n del ni\u00f1o, hasta los cuatro a\u00f1os de edad; procurando su desarrollo integral y apoyando a la familia para su plena formaci\u00f3n.\u00a0 Etapa\u00a0 crucial para su desarrollo, porque se establecen las bases del comportamiento humano y de los primeros aprendizajes.<\/p>\n<p>En este espacio invitamos a padres y madres de familia a utilizar el material del Programa de Educaci\u00f3n Inicial \u201cAcomp\u00e1\u00f1ame a Crecer\u201d para brindar educaci\u00f3n oportuna a sus hijos durante el per\u00edodo de la emergencia por el COVID-19. Esperamos que el material les permita continuar con el desarrollo de actividades de aprendizaje.<\/p>\n<p>Recuerde que en esta etapa es muy importante que sus hijos reciban, amor, cari\u00f1o, protecci\u00f3n, atenci\u00f3n y un cuidado cari\u00f1oso en su contexto familiar.<\/p>\n<p>El material est\u00e1 agrupado por edad, por lo que encontrar\u00e1 sesiones para ni\u00f1os de 0 a 1 a\u00f1o, de 1 a 2 a\u00f1os, de 2 a 3 a\u00f1os y de 3 a 4 a\u00f1os. Cada sesi\u00f3n contempla 6 pasos, en este momento de la emergencia \u00fanicamente encontrar\u00e1 el paso 2 para la atenci\u00f3n de 0-2 a\u00f1os y el paso 3 para la atenci\u00f3n de 2 a 4 a\u00f1os.<\/p>\n<p>Estas sesiones se realizan 1 vez a la semana, aunque puede repetir los ejercicios durante la semana en el momento y hora que sea oportuno, durante el tiempo de permanencia por la emergencia del COVID-19<\/p>\n<p>Este material est\u00e1 disponible para cualquier padre, madre o cuidador de ni\u00f1os o ni\u00f1as de 0 a 4 a\u00f1os de edad, est\u00e9n o no recibiendo atenci\u00f3n del programa de Educaci\u00f3n Inicial.[\/vc_column_text]<div id=\"1604644468687-55fa403d-8ac8\" class=\"dt-sc-empty-space\"><\/div>[\/vc_column][vc_column width=&#8221;1\/3&#8243;][vc_single_image source=&#8221;external_link&#8221; alignment=&#8221;center&#8221; css_animation=&#8221;fadeIn&#8221; css=&#8221;.vc_custom_1604644371284{margin-bottom: 0px !important;}&#8221; custom_src=&#8221;https:\/\/aprendoencasayenclase.mineduc.gob.gt\/images\/sampledata\/asimages\/services\/EDUCACION_INICIAL2.jpg&#8221;]<div id=\"1513056542412-f1c4856f-736b\" class=\"dt-sc-empty-space\"><\/div>[\/vc_column][\/vc_row][vc_row][vc_column width=&#8221;1\/2&#8243;]<div class=\"dt-sc-title with-image alignleft\"><h3>En<strong style=\"color:#1e73be\">K'iche'<\/strong><\/h3><span><\/span><h6><\/h6><\/div><div id=\"1604644695275-0b8f4084-303b\" class=\"dt-sc-empty-space\"><\/div>[vc_column_text]Le nab\u2019e\u00a0 taq etamanik kajeqetajloq\u00a0 are\u2019 katiq\u2019otajloq ri uk\u2019aslemal ri ak\u2019al pa u tyoxil ri unan, kuk\u2019isa\u2019 are\u2019 katzaqt ri kijib\u2019 ujunab\u2019,\u00a0 kab\u2019sox uchajixik ronojel ri uk\u2019aslemal ruk\u2019 kitob\u2019anik konojel ri k\u2019ulja rech jelik ri uwokik ri uk\u2019aslemal.\u00a0 Wa\u2019we juq\u2019at k\u2019aslemalri\u2019 sib\u2019alaj rajawaxik che ri uk\u2019aslemaj ri winaq xa\u2019 rumal che katikotaji ri unojib\u2019al juquje\u2019 ri retamab\u2019al.<\/p>\n<p>We waral ri\u2019\u00a0 keqatapanchike ri nan tat kakikoj we jun chakub\u2019alri\u2019\u00a0 re we jun chak re k\u2019utb\u2019al re majtajib\u2019al etamanik \u00ab Chinawachilaj pa nu k\u2019iwik \u00bb rumal uyaik jun jelikalaj k\u2019utunem chike ri alk\u2019ualaxelab\u2019 pa we q\u2019oxmal uya\u2019om we COVID-19\u00a0 kab\u2019ixche.\u00a0 Kaqaye\u2019j ruk we jun chakub\u2019al katob\u2019an che ri ubanik ri kichak ri ak\u2019alab\u2019\u00a0 rech unimarsaxik ri ketamab\u2019al.<\/p>\n<p>Nataja chiwech chewe juq\u2019at k\u2019aslemalri\u2019 sib\u2019alaj rajawaxik chike ri iwalk\u2019al\u00a0 ri ajawanik, ri loq\u2019oq\u2019exik, ri kilik, ri kita\u2019ik para k\u2019ulja.<\/p>\n<p>Ri chakub\u2019al\u00a0 kijib\u2019 q\u2019atomwi, are kalaji kutz\u2019aqatisaj ri nab\u2019e junab\u2019, tek\u2019uri\u2019 ri nab\u2019e junab\u2019 ruk ri ukab\u2019, tek\u2019uri\u2019 ri ukab\u2019 ruk\u2019 ri urox, k\u2019isb\u2019alre ri oxib\u2019 junab\u2019 ruk\u2019 ri ukaj junab\u2019.\u00a0 Nojeltaq q\u2019at ruk\u2019amuloq kawinaq kajib jolajojtaq chak yatal uchakuxik kuk\u2019 ri alk\u2019u\u2019alixelab\u2019 cho ri ja k\u2019olb\u2019al.<\/p>\n<p>Utz kachakux jun chak pa jun semana, kawa\u2019o\u2019\u00a0 katzalijasaxik ub\u2019anik aretaq kuya\u2019 ub\u2019anik aretaq keriqitaj ri ak\u2019alab\u2019 cho ri ja rumal we k\u2019ulmajtajinaq ruk we COVID-19.<\/p>\n<p>Wa\u2019 we chakub\u2019al ri\u2019\u00a0 ya\u2019tal chike ri nan taq ri chajinel ke ri ak\u2019alab\u2019, ek\u2019olik pa we chak re majb\u2019al etamanik xuquxe ri ek\u2019otaj.[\/vc_column_text]<div id=\"1604644662431-fac06f2c-359c\" class=\"dt-sc-empty-space\"><\/div><div class=\"dt-sc-title with-image alignleft\"><h3>En<strong style=\"color:#1e73be\">Poqomchi'<\/strong><\/h3><span><\/span><h6><\/h6><\/div><div id=\"1604645443317-0767c8ba-6e64\" class=\"dt-sc-empty-space\"><\/div>[vc_column_text]Re\u2019 raa\u2019 ri\u2019sil i tijinik, np\u2019uhtik ruuk\u2019 noq nrutik\u2019aa\u2019 k\u2019acharik i ha\u2019lak\u2019un eh rukohlaaj noq nrub\u2019an kijeb\u2019 haab\u2019. Re\u2019 raa\u2019 ri\u2019sil i tijinik wilih, ko ruman chi na rukamanjik wach; maj re\u2019 nch\u2019ob\u2019ik riwii\u2019 eh nik\u2019 wach i runo\u2019jb\u2019al noq nim chik.<\/p>\n<p>Yo\u2019naak nqapahqaaj keh taqe tutb\u2019ees ajawb\u2019ees chi kikoj i huuj tiq\u2019imaj ruum i Kamanik \u201cKinawihch\u2019ilej chi k\u2019ihik\u201d, nkiq\u2019or reh pan kaxlan k\u2019oqirk \u201cAcomp\u00e1\u00f1ame a Crecer\u201d; maj i ruch\u2019ob\u2019 rub\u2019eeh nik\u2019 wach rutijiljiik i ha\u2019lak\u2019un chi wach taqe k\u2019axiklaj q\u2019iij ruum i COVID-19. K\u2019ih taqe kamanik nkan chi rupaam reh chin ne nkitijej y ha\u2019lak\u2019un.<\/p>\n<p>Re\u2019 taqe peet kijeb\u2019 haab\u2019 i ruk\u2019achariik i ha\u2019lak\u2019un yohb\u2019al wach ruwa\u2019riik; ruum aj re\u2019, ko ruman chi na kik\u2019axariik, na kiko\u2019ljiik, na ki\u2019ilariiik, na kiq\u2019ilariik chi korik ruum i kituut kajaaw eh chi\u2019nchel i kijunja\u2019iil.<\/p>\n<p>Chi rupaam i huuj nkan 44 chi kamanik reh i ju\u2019jun chi hab\u2019ul; pan reh wilik keh i ha\u2019lak\u2019un k\u2019ahchi\u2019 kib\u2019ehsam jenaj haab\u2019, pan reh i ki\u2019ib\u2019 haab\u2019, pan reh ixib\u2019 haab\u2019 eh pan reh wo\u2019 i kijeb\u2019 haab\u2019. Ju\u2019jun chi kamanik ne rib\u2019an chi ne nb\u2019anarik junpech chi wach i xamana eh xa nik\u2019 pa xuyeew riib\u2019 reh chi re\u2019 ha\u2019lak\u2019un ne nk\u2019ihik chi holhik chi wach taqe k\u2019axiklaj q\u2019iij wilih ruum i COVID-19.<\/p>\n<p>Chi\u2019nchel taqe tutb\u2019ees ajawb\u2019ees wilik t\u2019uch kiha\u2019lak\u2019uun, ne rub\u2019an chin ne nkikoj i huuj wilih; wilkeeb\u2019 chi rupaam oon ma\u2019xta pan \u201cKinawihch\u2019ilej chi k\u2019ihik\u201d[\/vc_column_text][\/vc_column][vc_column width=&#8221;1\/2&#8243;]<div class=\"dt-sc-title with-image alignleft\"><h3>En<strong style=\"color:#1e73be\">Q'eqchi'<\/strong><\/h3><span><\/span><h6><\/h6><\/div><div id=\"1604644690149-73399efa-d5ff\" class=\"dt-sc-empty-space\"><\/div>[vc_column_text]Li xtiklajik li tzolok, natikla sa\u2019 xsiyajik li kach\u2019in toj sa\u2019 li kaahib\u2019 chihab\u2019; xch\u2019oolaninkil li xk\u2019iijik chi chaab\u2019il ut xtenq\u2019ankil li junkab\u2019al re naq chaab\u2019ilaq li xkawresinkil. A q\u2019ehil ha\u2019in, q\u2019axal nim xloq\u2019al cho\u2019q re li xk\u2019iijik xb\u2019aan naq chi ruheb\u2019 a hab\u2019 ha\u2019in naq nake\u2019xtzol li na\u2019leb\u2019 li te\u2019xb\u2019eeresi chi ru hu li xyu\u2019ameb\u2019.<\/p>\n<p>Sa\u2019 li na\u2019ajej ha\u2019in b\u2019oqb\u2019ileb\u2019 li na\u2019b\u2019ej yuwa\u2019b\u2019ej chi roksinkil li tasal hu re li Programa de Educaci\u00f3n Inicial, \u201cochb\u2019enihin chi k\u2019iik\u201d, re xk\u2019eeb\u2019al xtzolb\u2019aleb\u2019 li kok\u2019al chi ruheb\u2019 a kutan ha\u2019in, naq yook chi nume\u2019k li COVID-19. Naqoyb\u2019eni naq li tasal hu ha\u2019in chi tenq\u2019anq re naq yook chi uxmank li k\u2019anjel li tento xtzolb\u2019al.<\/p>\n<p>Jultikaq qe naq chi ruheb\u2019 a hab\u2019 ha\u2019in, aajel ru naq leekok\u2019al te\u2019xk\u2019ul xraab\u2019aleb\u2019, xkolb\u2019aleb\u2019, rilb\u2019aleb\u2019 sa\u2019 q\u2019unil sa\u2019 li junkab\u2019al.<\/p>\n<p>Li tasal hu raqaxinb\u2019il xyanq chi hab\u2019, jo\u2019kan naq taataw k\u2019anjel cho\u2019q reheb\u2019 li kok\u2019al aj 0 toj 1 hab\u2019, aj 1 toj 2 hab\u2019, aj 2 toj 3 hab\u2019 ut aj 3 toj 4 hab\u2019. Cho\u2019q re li junq raqal, wan 44 li k\u2019anjel li naru xb\u2019aanunkil rik\u2019ineb\u2019 li kok\u2019al sa\u2019 li ochoch. Li junjunq chi k\u2019anjel re t-uxmanq jun sut chi ru li xamaan, naru xka\u2019sutinkil, joq\u2019e tatruuq. Re naq yooqo chi k\u2019anjelak, sa\u2019 li xk\u2019iijikeb\u2019 li kok\u2019al chi ruheb\u2019 a kutan ha\u2019in naq yook chi nume\u2019k li COVID-19.<\/p>\n<p>Li tasal hu ha\u2019in naru nake\u2019roksi li na\u2019b\u2019ej, yuwa\u2019b\u2019ej malaq eb\u2019 laj ilol kok\u2019al aj 0 toj 4 hab\u2019, us ta yookeb\u2019 malaq ink\u2019a\u2019 yookeb\u2019 xk\u2019ulb\u2019al xtenq\u2019 sa\u2019 li Programa de Educaci\u00f3n Inicial.[\/vc_column_text]<div id=\"1604644666939-a6c67253-865a\" class=\"dt-sc-empty-space\"><\/div><div id=\"1604644872094-0b7b5789-0433\" class=\"dt-sc-empty-space\"><\/div>[\/vc_column][\/vc_row]\n","protected":false},"excerpt":{"rendered":"<p>[vc_row equal_height=&#8221;yes&#8221; content_placement=&#8221;middle&#8221;][vc_column width=&#8221;2\/3&#8243;][vc_column_text]El\u00a0 Nivel de Educaci\u00f3n Inicial\u00a0 comienza desde la concepci\u00f3n del ni\u00f1o, hasta los cuatro a\u00f1os de edad; procurando su desarrollo integral y apoyando a la familia para su plena formaci\u00f3n.\u00a0 Etapa\u00a0 crucial para su desarrollo, porque se establecen las bases del comportamiento humano y de los primeros aprendizajes. En este espacio invitamos<a class=\"moretag\" href=\"https:\/\/aprendoencasayenclase.mineduc.gob.gt\/index.php\/educacion-inicial\/\"> Continuar&#8230;<\/a><\/p>\n","protected":false},"author":1,"featured_media":0,"parent":0,"menu_order":0,"comment_status":"closed","ping_status":"closed","template":"","meta":[],"yoast_head":"<!-- This site is optimized with the Yoast SEO plugin v19.6.1 - https:\/\/yoast.com\/wordpress\/plugins\/seo\/ -->\n<title>Educaci\u00f3n inicial - Aprendoencasayenclase<\/title>\n<meta name=\"robots\" content=\"index, follow, max-snippet:-1, max-image-preview:large, max-video-preview:-1\" \/>\n<link rel=\"canonical\" href=\"https:\/\/aprendoencasayenclase.mineduc.gob.gt\/index.php\/educacion-inicial\/\" \/>\n<meta property=\"og:locale\" content=\"es_ES\" \/>\n<meta property=\"og:type\" content=\"article\" \/>\n<meta property=\"og:title\" content=\"Educaci\u00f3n inicial - Aprendoencasayenclase\" \/>\n<meta property=\"og:description\" content=\"[vc_row equal_height=&#8221;yes&#8221; content_placement=&#8221;middle&#8221;][vc_column width=&#8221;2\/3&#8243;][vc_column_text]El\u00a0 Nivel de Educaci\u00f3n Inicial\u00a0 comienza desde la concepci\u00f3n del ni\u00f1o, hasta los cuatro a\u00f1os de edad; procurando su desarrollo integral y apoyando a la familia para su plena formaci\u00f3n.\u00a0 Etapa\u00a0 crucial para su desarrollo, porque se establecen las bases del comportamiento humano y de los primeros aprendizajes. En este espacio invitamos Continuar...\" \/>\n<meta property=\"og:url\" content=\"https:\/\/aprendoencasayenclase.mineduc.gob.gt\/index.php\/educacion-inicial\/\" \/>\n<meta property=\"og:site_name\" content=\"Aprendoencasayenclase\" \/>\n<meta property=\"article:modified_time\" content=\"2020-11-17T00:46:57+00:00\" \/>\n<meta name=\"twitter:card\" content=\"summary_large_image\" \/>\n<meta name=\"twitter:label1\" content=\"Est. reading time\" \/>\n\t<meta name=\"twitter:data1\" content=\"8 minutos\" \/>\n<script type=\"application\/ld+json\" class=\"yoast-schema-graph\">{\"@context\":\"https:\/\/schema.org\",\"@graph\":[{\"@type\":\"WebPage\",\"@id\":\"https:\/\/aprendoencasayenclase.mineduc.gob.gt\/index.php\/educacion-inicial\/\",\"url\":\"https:\/\/aprendoencasayenclase.mineduc.gob.gt\/index.php\/educacion-inicial\/\",\"name\":\"Educaci\u00f3n inicial - Aprendoencasayenclase\",\"isPartOf\":{\"@id\":\"https:\/\/aprendoencasayenclase.mineduc.gob.gt\/#website\"},\"datePublished\":\"2020-11-06T06:42:55+00:00\",\"dateModified\":\"2020-11-17T00:46:57+00:00\",\"breadcrumb\":{\"@id\":\"https:\/\/aprendoencasayenclase.mineduc.gob.gt\/index.php\/educacion-inicial\/#breadcrumb\"},\"inLanguage\":\"es\",\"potentialAction\":[{\"@type\":\"ReadAction\",\"target\":[\"https:\/\/aprendoencasayenclase.mineduc.gob.gt\/index.php\/educacion-inicial\/\"]}]},{\"@type\":\"BreadcrumbList\",\"@id\":\"https:\/\/aprendoencasayenclase.mineduc.gob.gt\/index.php\/educacion-inicial\/#breadcrumb\",\"itemListElement\":[{\"@type\":\"ListItem\",\"position\":1,\"name\":\"Inicio\",\"item\":\"https:\/\/aprendoencasayenclase.mineduc.gob.gt\/\"},{\"@type\":\"ListItem\",\"position\":2,\"name\":\"Educaci\u00f3n inicial\"}]},{\"@type\":\"WebSite\",\"@id\":\"https:\/\/aprendoencasayenclase.mineduc.gob.gt\/#website\",\"url\":\"https:\/\/aprendoencasayenclase.mineduc.gob.gt\/\",\"name\":\"Aprendoencasa\",\"description\":\"Aprendo\",\"potentialAction\":[{\"@type\":\"SearchAction\",\"target\":{\"@type\":\"EntryPoint\",\"urlTemplate\":\"https:\/\/aprendoencasayenclase.mineduc.gob.gt\/?s={search_term_string}\"},\"query-input\":\"required name=search_term_string\"}],\"inLanguage\":\"es\"}]}<\/script>\n<!-- \/ Yoast SEO plugin. -->","yoast_head_json":{"title":"Educaci\u00f3n inicial - Aprendoencasayenclase","robots":{"index":"index","follow":"follow","max-snippet":"max-snippet:-1","max-image-preview":"max-image-preview:large","max-video-preview":"max-video-preview:-1"},"canonical":"https:\/\/aprendoencasayenclase.mineduc.gob.gt\/index.php\/educacion-inicial\/","og_locale":"es_ES","og_type":"article","og_title":"Educaci\u00f3n inicial - Aprendoencasayenclase","og_description":"[vc_row equal_height=&#8221;yes&#8221; content_placement=&#8221;middle&#8221;][vc_column width=&#8221;2\/3&#8243;][vc_column_text]El\u00a0 Nivel de Educaci\u00f3n Inicial\u00a0 comienza desde la concepci\u00f3n del ni\u00f1o, hasta los cuatro a\u00f1os de edad; procurando su desarrollo integral y apoyando a la familia para su plena formaci\u00f3n.\u00a0 Etapa\u00a0 crucial para su desarrollo, porque se establecen las bases del comportamiento humano y de los primeros aprendizajes. En este espacio invitamos Continuar...","og_url":"https:\/\/aprendoencasayenclase.mineduc.gob.gt\/index.php\/educacion-inicial\/","og_site_name":"Aprendoencasayenclase","article_modified_time":"2020-11-17T00:46:57+00:00","twitter_card":"summary_large_image","twitter_misc":{"Est. reading time":"8 minutos"},"schema":{"@context":"https:\/\/schema.org","@graph":[{"@type":"WebPage","@id":"https:\/\/aprendoencasayenclase.mineduc.gob.gt\/index.php\/educacion-inicial\/","url":"https:\/\/aprendoencasayenclase.mineduc.gob.gt\/index.php\/educacion-inicial\/","name":"Educaci\u00f3n inicial - Aprendoencasayenclase","isPartOf":{"@id":"https:\/\/aprendoencasayenclase.mineduc.gob.gt\/#website"},"datePublished":"2020-11-06T06:42:55+00:00","dateModified":"2020-11-17T00:46:57+00:00","breadcrumb":{"@id":"https:\/\/aprendoencasayenclase.mineduc.gob.gt\/index.php\/educacion-inicial\/#breadcrumb"},"inLanguage":"es","potentialAction":[{"@type":"ReadAction","target":["https:\/\/aprendoencasayenclase.mineduc.gob.gt\/index.php\/educacion-inicial\/"]}]},{"@type":"BreadcrumbList","@id":"https:\/\/aprendoencasayenclase.mineduc.gob.gt\/index.php\/educacion-inicial\/#breadcrumb","itemListElement":[{"@type":"ListItem","position":1,"name":"Inicio","item":"https:\/\/aprendoencasayenclase.mineduc.gob.gt\/"},{"@type":"ListItem","position":2,"name":"Educaci\u00f3n inicial"}]},{"@type":"WebSite","@id":"https:\/\/aprendoencasayenclase.mineduc.gob.gt\/#website","url":"https:\/\/aprendoencasayenclase.mineduc.gob.gt\/","name":"Aprendoencasa","description":"Aprendo","potentialAction":[{"@type":"SearchAction","target":{"@type":"EntryPoint","urlTemplate":"https:\/\/aprendoencasayenclase.mineduc.gob.gt\/?s={search_term_string}"},"query-input":"required name=search_term_string"}],"inLanguage":"es"}]}},"_links":{"self":[{"href":"https:\/\/aprendoencasayenclase.mineduc.gob.gt\/index.php\/wp-json\/wp\/v2\/pages\/13506"}],"collection":[{"href":"https:\/\/aprendoencasayenclase.mineduc.gob.gt\/index.php\/wp-json\/wp\/v2\/pages"}],"about":[{"href":"https:\/\/aprendoencasayenclase.mineduc.gob.gt\/index.php\/wp-json\/wp\/v2\/types\/page"}],"author":[{"embeddable":true,"href":"https:\/\/aprendoencasayenclase.mineduc.gob.gt\/index.php\/wp-json\/wp\/v2\/users\/1"}],"replies":[{"embeddable":true,"href":"https:\/\/aprendoencasayenclase.mineduc.gob.gt\/index.php\/wp-json\/wp\/v2\/comments?post=13506"}],"version-history":[{"count":6,"href":"https:\/\/aprendoencasayenclase.mineduc.gob.gt\/index.php\/wp-json\/wp\/v2\/pages\/13506\/revisions"}],"predecessor-version":[{"id":13508,"href":"https:\/\/aprendoencasayenclase.mineduc.gob.gt\/index.php\/wp-json\/wp\/v2\/pages\/13506\/revisions\/13508"}],"wp:attachment":[{"href":"https:\/\/aprendoencasayenclase.mineduc.gob.gt\/index.php\/wp-json\/wp\/v2\/media?parent=13506"}],"curies":[{"name":"wp","href":"https:\/\/api.w.org\/{rel}","templated":true}]}}